{"id":36482,"date":"2020-04-24T23:41:57","date_gmt":"2020-04-24T22:41:57","guid":{"rendered":"https:\/\/www.riosa.com\/empresa\/calidad-2\/"},"modified":"2026-04-25T22:08:05","modified_gmt":"2026-04-25T21:08:05","slug":"sostenibilidad","status":"publish","type":"page","link":"https:\/\/www.riosa.com\/pt\/negocios\/sustentabilidade\/","title":{"rendered":"Nosso Compromisso com o Meio Ambiente"},"content":{"rendered":"<div id=\"cs-content\" class=\"cs-content\"><div class=\"x-section e36482-e1 ms5e-0 ms5e-1 ms5e-2 ms5e-3\"><div class=\"x-container max width e36482-e2 ms5e-7 ms5e-8\"><div class=\"x-column x-sm x-1-1 e36482-e3 ms5e-c\"><div class=\"x-text x-text-headline e36482-e4 ms5e-d\"><div class=\"x-text-content\"><div class=\"x-text-content-text\"><h2 class=\"x-text-content-text-primary\">Nosso compromisso com o meio ambiente<\/h2>\n<\/div><\/div><\/div><hr class=\"x-line e36482-e5 ms5e-e\"\/><\/div><\/div><\/div><div class=\"x-section e36482-e6 ms5e-0 ms5e-1 ms5e-2 ms5e-4\"><div class=\"x-container max width e36482-e7 ms5e-7 ms5e-8\"><div class=\"x-column x-sm x-1-1 e36482-e8 ms5e-c\"><div class=\"x-text x-content e36482-e9 ms5e-f\">\u00b7 <a href=\"\/pt\/sostenibilidad\/#compromiso\">Compromisso com o meio ambiente<\/font><\/a><br>\n\u00b7 <a href=\"\/pt\/sostenibilidad\/#circular\">Economia circular<\/font><\/a><br>\n\u00b7 <a href=\"\/pt\/sostenibilidad\/#certificaciones\">Certifica\u00e7\u00f5es de sustentabilidade<\/font><\/a><br>\n\u00b7 <a href=\"\/pt\/sostenibilidad\/#autoconsumo\">Autoconsumo de energia fotovoltaica<\/font><\/a><br>\n\u00b7 <a href=\"\/pt\/sostenibilidad\/#sostenibilidad\">Sustentabilidade, rastreabilidade e pol\u00edtica ambiental<\/font><\/a><br>\n\u00b7 <a href=\"\/pt\/sostenibilidad\/#normativa\">Regulamentos aplic\u00e1veis<\/font><\/a><br>\n<\/div><\/div><\/div><\/div><div class=\"x-section e36482-e10 ms5e-0 ms5e-1 ms5e-4 ms5e-5\"><div class=\"x-container max width e36482-e11 ms5e-7 ms5e-9 ms5e-a\"><div class=\"x-column x-sm x-1-1 e36482-e12 ms5e-c\"><div class=\"x-text x-content e36482-e13 ms5e-f\"><a id=\"compromiso\"><\/a>\n<center><img decoding=\"async\" src=\"\/wp-content\/uploads\/2019\/04\/quality.png\" width=\"200\"><\/center>\n<center><u><strong>COMPROMISSO<\/strong><\/u><\/center>\n<br>                                                                             <p>A sustentabilidade ambiental e a circularidade dos nossos processos de produ\u00e7\u00e3o sempre foram a nossa prioridade, tanto atrav\u00e9s do investimento cont\u00ednuo na melhoria da efici\u00eancia e na redu\u00e7\u00e3o do impacto, como atrav\u00e9s do monitoramento di\u00e1rio e meticuloso dos procedimentos ambientais implementados ao longo dos \u00faltimos sessenta anos. Assim, gra\u00e7as ao modelo circular em que se baseia o nosso neg\u00f3cio desde 1965 \u2014 utilizando subprodutos do setor do azeite, gerando calor com biomassa pr\u00f3pria, com autoconsumo fotovoltaico e tratamento integrado de \u00e1guas residuais com autoriza\u00e7\u00e3o administrativa de descarga \u2014 e \u00e0 conformidade auditada com cada componente ambiental, possu\u00edmos as certifica\u00e7\u00f5es necess\u00e1rias.<span> <\/span><a href=\"https:\/\/www.iso.org\/iso-14001-environmental-management.html\"><strong>ISO 14001:2015<\/strong><\/a><span> <\/span>do Sistema de Gest\u00e3o Ambiental e<span> <\/span><a href=\"https:\/\/www.iscc-system.org\/\"><strong>ISCC<\/strong><\/a><span> <\/span>Certifica\u00e7\u00f5es de Sustentabilidade e Rastreabilidade de Carbono, concedidas por empresas de certifica\u00e7\u00e3o de prest\u00edgio.<span> <\/span><a href=\"http:\/\/www.bureauveritas.es\/\"><strong>Bureau Veritas<\/strong><\/a><span> <\/span>e<span> <\/span><a href=\"https:\/\/www.rina.org\/\"><strong>LUTAR<\/strong><\/a>. Essas certifica\u00e7\u00f5es demonstram nosso compromisso inequ\u00edvoco com a verdadeira sustentabilidade, que vai al\u00e9m do mero cumprimento das normas ambientais vigentes. Vamos muito al\u00e9m da simples redu\u00e7\u00e3o do impacto da nossa produ\u00e7\u00e3o e da garantia da rastreabilidade de origens sustent\u00e1veis. Nosso objetivo \u00e9 oferecer aos nossos clientes total tranquilidade em rela\u00e7\u00e3o \u00e0 responsabilidade ambiental e \u00e0 rastreabilidade de cada produto que fornecemos.<\/p>\n\n<p>Hugo L. Espuny<\/p>\n<p>Presidente do Conselho Administrativo<\/p><\/div><\/div><\/div><\/div><div class=\"x-section e36482-e14 ms5e-0 ms5e-2 ms5e-4 ms5e-6\"><div class=\"x-container max width e36482-e15 ms5e-7 ms5e-8\"><div class=\"x-column x-sm x-1-1 e36482-e16 ms5e-c\"><div class=\"cs-content x-global-block x-global-block-542 e36482-e17\"><div class=\"x-section e542-e1 mf2-0\"><div class=\"x-container e542-e2 mf2-1\"><div class=\"x-column x-sm x-1-1 e542-e3 mf2-2\"><div class=\"x-text x-text-headline e542-e4 mf2-3\"><div class=\"x-text-content\"><div class=\"x-text-content-text\"><h4 class=\"x-text-content-text-primary\">Levamos n\u00edveis de qualidade onde outros n\u00e3o podem alcan\u00e7ar<\/h4>\n<\/div><\/div><\/div><\/div><\/div><\/div><\/div><\/div><\/div><\/div><div class=\"x-section e36482-e18 ms5e-0 ms5e-1 ms5e-2 ms5e-4\"><div class=\"x-container max width e36482-e19 ms5e-7 ms5e-9 ms5e-b\"><div class=\"x-column x-sm x-1-1 e36482-e20 ms5e-c\"><div class=\"x-text x-content e36482-e21 ms5e-f\"><a id=\"circular\"><\/a>\n<center><img decoding=\"async\" src=\"\/wp-content\/uploads\/2026\/04\/recycle-sign.png\" width=\"150\"><\/center><br><\/br>\n<center><u><strong>ECONOMIA CIRCULAR<\/strong><\/u><\/center>\n<br>                                                                             \n<p>Desde a sua funda\u00e7\u00e3o em 1965, o modelo de produ\u00e7\u00e3o da RIOSA baseia-se num princ\u00edpio genu\u00edno, e n\u00e3o meramente declarativo, de economia circular: utilizamos os subprodutos graxos gerados pelas refinarias de azeite, que de outra forma acabariam em aterros sanit\u00e1rios ou como res\u00edduos que necessitam de tratamento, e os transformamos em produtos de valor agregado para ra\u00e7\u00e3o animal, ind\u00fastria e produ\u00e7\u00e3o de biocombust\u00edveis renov\u00e1veis. Esta \u00e9 a principal mat\u00e9ria-prima que entra em nossas instala\u00e7\u00f5es.<\/p>\n  <p>A f\u00e1brica em Ibros (Ja\u00e9n) processa atualmente mais de 500 toneladas desses subprodutos por dia. A energia t\u00e9rmica necess\u00e1ria para o processo de refino prov\u00e9m inteiramente de uma caldeira a vapor de biomassa, alimentada exclusivamente com biomassa.<span> <\/span><strong>Extrato de baga\u00e7o de azeitona seco, casca de am\u00eandoa e caro\u00e7o de azeitona seco<\/strong> \u2014todos eles subprodutos do pr\u00f3prio setor agroindustrial andaluz\u2014 em vez de combust\u00edveis f\u00f3sseis. A fra\u00e7\u00e3o residual de \u00f3leos impr\u00f3prios para alimenta\u00e7\u00e3o animal \u00e9 direcionada para a produ\u00e7\u00e3o de biodiesel renov\u00e1vel certificado.<span> <\/span><a href=\"https:\/\/www.iscc-system.org\/\"><strong>ISCC<\/strong><\/a>, concluir o ciclo de valoriza\u00e7\u00e3o antes de sair de nossas instala\u00e7\u00f5es.<\/p>\n  <p>O resultado operacional \u00e9 um processo de produ\u00e7\u00e3o em que a entrada do sistema consiste em materiais que o mercado considera &quot;subprodutos&quot; ou &quot;res\u00edduos&quot;, a energia interna prov\u00e9m principalmente de biomassa local e a sa\u00edda abrange tr\u00eas aplica\u00e7\u00f5es valiosas (ra\u00e7\u00e3o animal, ind\u00fastria oleoqu\u00edmica e biocombust\u00edvel) sem gerar res\u00edduos significativos para descarte final. A rastreabilidade completa de cada fluxo \u00e9 auditada anualmente pelos organismos de certifica\u00e7\u00e3o competentes.<span> <\/span><a href=\"https:\/\/www.iso.org\/iso-14001-environmental-management.html\"><strong>ISO 14001:2015<\/strong><\/a><span> <\/span>e<span> <\/span><a href=\"https:\/\/www.iscc-system.org\/\"><strong>ISCC<\/strong><\/a>.<\/font>\n<\/div><\/div><\/div><\/div><div class=\"x-section e36482-e22 ms5e-0 ms5e-1 ms5e-3 ms5e-5\"><div class=\"x-container max width e36482-e23 ms5e-7 ms5e-9 ms5e-a\"><div class=\"x-column x-sm x-1-1 e36482-e24 ms5e-c\"><div class=\"x-text x-content e36482-e25 ms5e-f\"><p><a id=\"certificaciones\"><\/a><\/p>\n\n<center><img decoding=\"async\" src=\"\/wp-content\/uploads\/2019\/04\/certificate.png\" width=\"200\" \/><\/center>\n<p><\/p>\n\n<center><span style=\"text-decoration: underline;\"><strong>CERTIFICA\u00c7\u00d5ES<\/strong><\/span><\/center>\n<p><br \/>\n  Nossos processos de produ\u00e7\u00e3o possuem as certifica\u00e7\u00f5es necess\u00e1rias. <strong>ambiental<\/strong> Os mais exigentes e abrangentes do setor. Investimos recursos significativos na adapta\u00e7\u00e3o de instala\u00e7\u00f5es, sistemas de medi\u00e7\u00e3o, gest\u00e3o documental e treinamento de pessoal para atingir e manter esses padr\u00f5es, conscientes de que a verdadeira sustentabilidade se constr\u00f3i com base em auditorias independentes, e n\u00e3o em declara\u00e7\u00f5es de boas inten\u00e7\u00f5es.<\/p>\n<p>\n  Assim como ocorre com as certifica\u00e7\u00f5es de seguran\u00e7a alimentar, existe um risco ambiental significativo do qual os consumidores informados devem estar cientes: <strong>Muitas empresas apresentam certifica\u00e7\u00f5es que, na verdade, n\u00e3o auditam o processo de fabrica\u00e7\u00e3o, mas apenas as atividades de armazenamento, transporte ou intermedia\u00e7\u00e3o de produtos previamente certificados por terceiros.<\/strong>. A certifica\u00e7\u00e3o de um comerciante ou intermedi\u00e1rio n\u00e3o garante que o processo de produ\u00e7\u00e3o atenda aos requisitos ambientais ou de sustentabilidade, apenas que a documenta\u00e7\u00e3o esteja em ordem.<\/p> \n<p>\n  Ele <strong>cliente consciente<\/strong> deve analisar o escopo <strong>(escopo)<\/strong> Conforme indicado em cada certificado: A auditoria abrange a produ\u00e7\u00e3o ou apenas o armazenamento? A auditoria abrange a planta industrial propriamente dita ou apenas a sede? Essa diferen\u00e7a \u00e9 crucial. Uma certifica\u00e7\u00e3o v\u00e1lida para <strong>produ\u00e7\u00e3o \/ convers\u00e3o \/ fabrica\u00e7\u00e3o<\/strong> Envolve uma auditoria completa de processos, balan\u00e7os de massa, emiss\u00f5es, res\u00edduos e consumo de energia. Uma certifica\u00e7\u00e3o para <strong>comerciante \/ intermedi\u00e1rio \/ armaz\u00e9m<\/strong> Envolve apenas verifica\u00e7\u00e3o documental, sem an\u00e1lise do processo de produ\u00e7\u00e3o.<\/p>                   \n<p>                                             \n  Especificamente, para a certifica\u00e7\u00e3o ISCC, apenas certificados com um escopo de <strong>Unidade de convers\u00e3o<\/strong> (unidade de fabrica\u00e7\u00e3o) ou <strong>Primeiro Ponto de Encontro<\/strong> (Coletor prim\u00e1rio) audita o processo de produ\u00e7\u00e3o e a rastreabilidade real da origem. Certificados de tipo. <strong>Comerciante<\/strong> Eles apenas verificam se a documenta\u00e7\u00e3o de produtos j\u00e1 certificados por terceiros permanece correta durante o armazenamento e o transporte. Para a certifica\u00e7\u00e3o ISO 14001, o escopo deve identificar, sem ambiguidade, a planta industrial onde a fabrica\u00e7\u00e3o ocorre, e n\u00e3o apenas os escrit\u00f3rios ou a sede administrativa.<\/p>       \n<p>\n  As certifica\u00e7\u00f5es da RIOSA, listadas abaixo, foram emitidas por organismos de certifica\u00e7\u00e3o independentes acreditados \u2014 Bureau Veritas e RINA \u2014 ap\u00f3s uma auditoria completa da planta industrial em Ibros (Ja\u00e9n) e de todos os nossos processos de fabrica\u00e7\u00e3o, fornecimento de mat\u00e9ria-prima e comercializa\u00e7\u00e3o. Cada certifica\u00e7\u00e3o \u00e9 renovada anualmente por meio de uma auditoria externa.<\/p>\n<p>\n  A certifica\u00e7\u00e3o <strong>ISO 14001:2015<\/strong> Isso garante que a RIOSA identifique, me\u00e7a e melhore sistematicamente o impacto ambiental de todos os seus processos de produ\u00e7\u00e3o. Ao contr\u00e1rio de uma declara\u00e7\u00e3o de inten\u00e7\u00f5es, <strong>ISO 14001<\/strong> Isso exige um ciclo de auditoria anual: identifica\u00e7\u00e3o dos aspectos ambientais (consumo de energia, gest\u00e3o de res\u00edduos, emiss\u00f5es atmosf\u00e9ricas, derrames e ru\u00eddo), defini\u00e7\u00e3o de objetivos de melhoria mensur\u00e1veis ano ap\u00f3s ano e verifica\u00e7\u00e3o independente por uma entidade certificadora acreditada \u2014 no nosso caso, a Bureau Veritas \u2014 de que os objetivos s\u00e3o cumpridos na pr\u00e1tica, e n\u00e3o apenas no papel.<\/p>\n<p>\n  Numa refinaria de petr\u00f3leo e gordura, isso se traduz em compromissos concretos: <strong>circularidade produtiva<\/strong> \u2014Aproveitamos os subprodutos do setor do azeite como mat\u00e9ria-prima e como fonte de energia renov\u00e1vel, prolongando seu ciclo de vida \u00fatil em vez de envi\u00e1-los para aterros sanit\u00e1rios\u2014, redu\u00e7\u00e3o progressiva do consumo de energia por tonelada produzida, controle rigoroso de derramamentos com an\u00e1lises peri\u00f3dicas, rastreabilidade de res\u00edduos recuper\u00e1veis e pol\u00edticas de compras respons\u00e1veis junto aos fornecedores.<\/p>\n<p>\n  Ades\u00e3o a <strong>ISO 14001<\/strong> Forma um todo insepar\u00e1vel das nossas certifica\u00e7\u00f5es alimentares. <strong><a href=\"https:\/\/www.riosa.com\/pt\/negocios\/qualidade\/\">GMP+ e ISO 22000<\/a><\/strong>. Para a RIOSA, fabricar com a mais alta qualidade e seguran\u00e7a alimentar, e com o menor impacto ambiental poss\u00edvel, \u00e9 um requisito \u00fanico e indivis\u00edvel, n\u00e3o dois objetivos conflitantes.<\/p>\n<p>  \n  A certifica\u00e7\u00e3o <strong>ISCC<\/strong> certifica que as mat\u00e9rias-primas que processamos e os produtos que comercializamos para aplica\u00e7\u00f5es em biocombust\u00edveis atendem aos requisitos do <strong>Diretiva Europeia de Energias Renov\u00e1veis (RED II\/III) sobre sustentabilidade e redu\u00e7\u00e3o das emiss\u00f5es de gases com efeito de estufa.<\/strong>.<\/p>\n<p>\n  Uma parte das gorduras que produzimos \u00e9 utilizada na fabrica\u00e7\u00e3o de biodiesel. Para que esse biodiesel seja considerado energia renov\u00e1vel na matriz energ\u00e9tica europeia, ele deve ser rastre\u00e1vel at\u00e9 uma mat\u00e9ria-prima sustent\u00e1vel \u2014 geralmente subprodutos e res\u00edduos do setor de azeite \u2014 com uma redu\u00e7\u00e3o comprovada nas emiss\u00f5es de gases de efeito estufa em compara\u00e7\u00e3o com o combust\u00edvel f\u00f3ssil de refer\u00eancia. <strong>ISCC<\/strong> Nossa certificadora audita cada elo da cadeia: colheita, armazenamento, fabrica\u00e7\u00e3o e transporte. <strong>LUTAR<\/strong> (It\u00e1lia) verifica anualmente nossos balan\u00e7os de massa, rastreabilidade documental e c\u00e1lculos de emiss\u00f5es.<\/p>\n<p>\n  Para os nossos clientes do setor energ\u00e9tico, <strong>ISCC<\/strong> N\u00e3o se trata de uma medalha volunt\u00e1ria, mas sim de uma exig\u00eancia regulamentar: sem certifica\u00e7\u00e3o. <strong>ISCC<\/strong> V\u00e1lido em todas as etapas da cadeia de suprimentos, o biodiesel final n\u00e3o pode ser reconhecido como renov\u00e1vel nos registros nacionais europeus. Nosso compromisso \u00e9 renovar essa certifica\u00e7\u00e3o anualmente, sem interrup\u00e7\u00e3o, garantindo a continuidade do fornecimento a um setor onde qualquer falha de rastreabilidade se propaga para todos os fornecedores que o abastecem.<\/p>\n\n<p><\/p><\/div><div class=\"x-acc e36482-e26 ms5e-g\" id=\"x-acc-e36482-e26\"><div class=\"e36482-e27 x-acc-item\"><button id=\"tab-e36482-e27\" class=\"x-acc-header x-active\" role=\"button\" type=\"button\" aria-expanded=\"true\" aria-controls=\"panel-e36482-e27\" data-x-toggle=\"collapse\" data-x-toggleable=\"e36482-e27\" data-x-toggle-group=\"e36482-e26\"><span class=\"x-acc-header-content\"><span class=\"x-acc-header-indicator\">\u25b8<\/span><span class=\"x-acc-header-text\"><strong>Certifica\u00e7\u00f5es industriais e de sustentabilidade<\/strong><\/span><\/span><\/button><div id=\"panel-e36482-e27\" role=\"region\" aria-hidden=\"false\" aria-labelledby=\"tab-e36482-e27\" data-x-toggleable=\"e36482-e27\" data-x-toggle-collapse=\"1\"><div class=\"x-acc-content\"><ul>\n \t<li><a href=\"\/wp-content\/uploads\/2026\/04\/25862777-BUQ-RIOSA-REFINACION-INDUSTRIAL-OLEICOLA-S.A.-ESPANOL.pdf\" target=\"_blank\" rel=\"noopener\"><strong>Certifica\u00e7\u00e3o ISO 14001:2015 de Sistemas de Gest\u00e3o Ambiental<\/strong><\/a><\/li>\n<\/ul>\n<p>\n - Tipo de certificado: <a href=\"https:\/\/www.iso.org\/standard\/14001\" target=\"_blank\" rel=\"noopener\">ISO<\/a><br \/>\n - \u00c2mbito: <strong>Produ\u00e7\u00e3o e comercializa\u00e7\u00e3o de \u00f3leos e gorduras para ra\u00e7\u00e3o animal.<\/strong><br>\n - Emitido pela empresa certificadora <a href=\"http:\/\/www.bureauveritas.es\" target=\"_blank\" rel=\"noopener\">Bureau Veritas<\/a><br \/>\n - N\u00famero do certificado <a href=\"\/wp-content\/uploads\/2026\/04\/25862777-BUQ-RIOSA-REFINACION-INDUSTRIAL-OLEICOLA-S.A.-ESPANOL.pdf\" target=\"_blank\" rel=\"noopener\">ES158871 - 1<\/a><\/p>\n\n<style type=\"text\/css\">\n.tc table, td, tr, th {border: 2px solid #f0f0f0;}\n.tc table {border-collapse: collapse;width: 100%;}\n.tc td {vertical-align: top;}\n<\/style>\n\n<table><tr><td>\n<center>\n<a href=\"https:\/\/www.iso.org\/standard\/14001\" target=\"_blank\" rel=\"noopener\"><img src=\"https:\/\/www.riosa.com\/wp-content\/uploads\/2026\/04\/iso14001.jpg\" width=\"150\" \/><\/a>\n<a href=\"http:\/\/www.bureauveritas.es\/\" target=\"_blank\" rel=\"noopener\"><img src=\"https:\/\/www.riosa.com\/wp-content\/uploads\/2019\/03\/descarga-1.jpeg\" width=\"150\" \/><\/a> \n<\/center>\n<\/td><td align=\"right\">\n<center>\n<a href=\"\/wp-content\/uploads\/2026\/04\/25862777-BUQ-RIOSA-REFINACION-INDUSTRIAL-OLEICOLA-S.A.-ESPANOL.pdf\" target=\"_blank\" rel=\"noopener\"><img src=\"\/wp-content\/uploads\/2019\/04\/Certificado-ISO-22000.png\" width=\"100\" \/><\/a><\/center>\n<\/center>\n<\/td><\/tr><\/table>\n<p><br \/>\n<br \/>\n<\/p>\n   \n<ul>\n \t<li><a href=\"\/wp-content\/uploads\/2026\/04\/Certificado-ISCC-RIOSA-2026-2027.pdf\" target=\"_blank\" rel=\"noopener\"><strong>Certifica\u00e7\u00e3o ISCC de Sustentabilidade e Emiss\u00f5es de Carbono<\/strong><\/a><\/li>\n<\/ul>\n<p>\n - Tipo de certificado: <a href=\"https:\/\/www.iscc-system.org\/\" target=\"_blank\" rel=\"noopener\">ISCC<\/a><br \/>\n - \u00c2mbito: <strong>fabrica\u00e7\u00e3o, comercializa\u00e7\u00e3o e coleta de mat\u00e9rias-primas<\/strong><br>\n - Emitido pela empresa certificadora <a href=\"https:\/\/www.rina.org\" target=\"_blank\" rel=\"noopener\">LUTAR<\/a><br \/>\n - N\u00famero do certificado <a href=\"\/wp-content\/uploads\/2026\/04\/Certificado-ISCC-RIOSA-2026-2027.pdf\" target=\"_blank\" rel=\"noopener\">EU-ISCC-Cert-IT206-00003887<\/a><\/p>\n\n<style type=\"text\/css\">\n.tc table, td, tr, th {border: 2px solid #f0f0f0;}\n.tc table {border-collapse: collapse;width: 100%;}\n.tc td {vertical-align: top;}\n<\/style>\n\n<table><tr><td>\n<center>\n<a href=\"https:\/\/www.iscc-system.org\/\" target=\"_blank\" rel=\"noopener\"><img src=\"\/wp-content\/uploads\/2019\/04\/iscc-siegel.png\" width=\"150\" \/><\/a> \n<a href=\"https:\/\/www.rina.org\" target=\"_blank\" rel=\"noopener\"><img src=\"\/wp-content\/uploads\/2019\/04\/rina-iscc.png\" width=\"150&quot;\" \/><\/a>\n<\/center>\n<\/td><td align=\"right\">\n<center>\n<a href=\"\/wp-content\/uploads\/2026\/04\/Certificado-ISCC-RIOSA-2026-2027.pdf\" target=\"_blank\" rel=\"noopener\"><img src=\"\/wp-content\/uploads\/2019\/04\/CERTIFICADO-ISCC.png\" width=\"100\" \/><\/a><\/center>\n<\/center>\n<\/td><\/tr><\/table>\n<p><br \/>\n<br \/>\n<\/p><\/div><\/div><\/div><\/div><\/div><\/div><\/div><div class=\"x-section e36482-e28 ms5e-0 ms5e-1 ms5e-2 ms5e-4\"><div class=\"x-container max width e36482-e29 ms5e-7 ms5e-9 ms5e-b\"><div class=\"x-column x-sm x-1-1 e36482-e30 ms5e-c\"><div class=\"x-text x-content e36482-e31 ms5e-f\"><a id=\"autoconsumo\"><\/a>\n<center><img decoding=\"async\" src=\"\/wp-content\/uploads\/2026\/04\/sun.png\" width=\"150\"><\/center><br><\/br>\n<center><u><strong>AUTOCONSUMO<\/strong><\/u><\/center>\n<br>\n \u00a0<p>Complementando o aproveitamento t\u00e9rmico da biomassa, nos \u00faltimos anos investimos em uma instala\u00e7\u00e3o fotovoltaica de autoconsumo nos telhados industriais da f\u00e1brica de Ibros, parcialmente financiada com aux\u00edlio.<span> <\/span><strong>NextGenerationEU<\/strong><span> <\/span>do Plano de Recupera\u00e7\u00e3o, Transforma\u00e7\u00e3o e Resili\u00eancia. A instala\u00e7\u00e3o est\u00e1 totalmente operacional com 300 kW de pot\u00eancia instalada de pico e est\u00e1 em processo de expans\u00e3o para 500 kW de pico at\u00e9 o final de 2026, em linha com o aumento da capacidade de produ\u00e7\u00e3o resultante do comissionamento da expans\u00e3o de nossa esta\u00e7\u00e3o de tratamento de \u00e1guas residuais.<\/p>\n  <p>O sistema fotovoltaico supre facilmente o consumo m\u00e9dio de eletricidade da f\u00e1brica durante o dia, e o excedente gerado fora dos hor\u00e1rios de pico \u00e9 injetado na rede el\u00e9trica, de acordo com o regime de compensa\u00e7\u00e3o de excedentes regulamentado pela [nome da entidade reguladora].<span> <\/span><strong>Decreto Real 244\/2019<\/strong>, contribuindo para a matriz energ\u00e9tica nacional renov\u00e1vel. O saldo l\u00edquido resultante reduz drasticamente a pegada de carbono associada \u00e0 eletricidade consumida pela usina.<\/p>\n  <p>Em conjunto com a gera\u00e7\u00e3o t\u00e9rmica da caldeira de biomassa, a energia fotovoltaica complementa uma estrat\u00e9gia energ\u00e9tica em que a maior parte da energia utilizada no processo produtivo prov\u00e9m de fontes renov\u00e1veis locais: a luz solar da Andaluzia para a eletricidade e o azeite e os subprodutos agroflorestais locais para o calor industrial. Esta \u00e9 a coer\u00eancia natural de uma empresa cujo modelo de neg\u00f3cio \u00e9, por defini\u00e7\u00e3o, circular e local.<\/p><\/br><\/font>\n<\/div><\/div><\/div><\/div><div class=\"x-section e36482-e32 ms5e-0 ms5e-1 ms5e-2 ms5e-4\"><div class=\"x-container max width e36482-e33 ms5e-7 ms5e-9 ms5e-a\"><div class=\"x-column x-sm x-1-1 e36482-e34 ms5e-c\"><div class=\"x-text x-content e36482-e35 ms5e-f\"><a id=\"sostenibilidad\"><\/a>\n<br><\/br>\n<center><img decoding=\"async\" src=\"\/wp-content\/uploads\/2019\/04\/quality-1.png\" width=\"200\" \/><\/center><p><a id=\"sostenibilidad\"><\/a><\/p>\n\n<p style=\"text-align: center;\"><strong><span style=\"text-decoration: underline;\">SUSTENTABILIDADE, RASTREABILIDADE E POL\u00cdTICA AMBIENTAL<\/span><\/strong><\/p>\n<p align=\"justify\">A RIOSA \u2013 REFINACI\u00d3N INDUSTRIAL OLE\u00cdCOLA, S.A. dedica-se desde 1965 \u00e0 produ\u00e7\u00e3o de gorduras exclusivamente vegetais, parte das quais s\u00e3o utilizadas na produ\u00e7\u00e3o de biodiesel. Essas gorduras s\u00e3o produzidas a partir de subprodutos, raz\u00e3o pela qual, na Riosa, aproveitamos esses subprodutos e prolongamos sua vida \u00fatil.<\/p>\n<p>Por todas estas raz\u00f5es, a Administra\u00e7\u00e3o baseia o seu compromisso com a sustentabilidade e a rastreabilidade nas seguintes premissas:<\/p>\n\n<ul>\n \t<li>\n<p align=\"justify\"><span style=\"font-family: Humnst777 Lt BT, Times New Roman, serif;\"><span style=\"font-size: medium;\">Compromisso com a redu\u00e7\u00e3o dos gases de efeito estufa.<\/span><\/span><\/p>\n<\/li>\n \t<li>\n<p align=\"justify\"><span style=\"font-family: Humnst777 Lt BT, Times New Roman, serif;\"><span style=\"font-size: medium;\">Comprometimento com a melhoria cont\u00ednua em todos os processos da empresa.<\/span><\/span><\/p>\n<\/li>\n \t<li>\n<p align=\"justify\"><span style=\"font-family: Humnst777 Lt BT, Times New Roman, serif;\"><span style=\"font-size: medium;\">Transpar\u00eancia e colabora\u00e7\u00e3o com subcontratados, fornecedores, clientes e comunidade.<\/span><\/span><\/p>\n<\/li>\n \t<li>\n<p align=\"justify\"><span style=\"font-family: Humnst777 Lt BT, Times New Roman, serif;\"><span style=\"font-size: medium;\">An\u00e1lise e gest\u00e3o da forma\u00e7\u00e3o, motiva\u00e7\u00e3o e prepara\u00e7\u00e3o exigidas aos nossos colaboradores para garantir as compet\u00eancias necess\u00e1rias para cada fun\u00e7\u00e3o, com a melhor garantia de seguran\u00e7a, em tempo \u00fatil.<\/span><\/span><\/p>\n<\/li>\n \t<li>\n<p align=\"justify\"><span style=\"font-family: Humnst777 Lt BT, Times New Roman, serif;\"><span style=\"font-size: medium;\">Respeito ao meio ambiente e preven\u00e7\u00e3o de polui\u00e7\u00e3o, danos pessoais e problemas de sa\u00fade para todas as partes interessadas.<\/span><\/span><\/p>\n<\/li>\n \t<li>\n<p align=\"justify\"><span style=\"font-family: Humnst777 Lt BT, Times New Roman, serif;\"><span style=\"font-size: medium;\">Cumprimento dos requisitos legais, ambientais, de sa\u00fade e seguran\u00e7a, aqueles estabelecidos pelos nossos clientes e aqueles subscritos pela pr\u00f3pria organiza\u00e7\u00e3o.<\/span><\/span><\/p>\n<\/li>\n \t<li>\n<p align=\"justify\"><span style=\"font-family: Humnst777 Lt BT, Times New Roman, serif;\"><span style=\"font-size: medium;\">Garantir a seguran\u00e7a de todos os funcion\u00e1rios trabalhando ativamente para prevenir acidentes e transmitir nossas preocupa\u00e7\u00f5es \u00e0s empresas que trabalham em nosso nome.<\/span><\/span><\/p>\n<\/li>\n \t<li>\n<p align=\"justify\"><span style=\"font-family: Humnst777 Lt BT, Times New Roman, serif;\"><span style=\"font-size: medium;\">Preven\u00e7\u00e3o de danos e deteriora\u00e7\u00e3o da sa\u00fade de todas as partes interessadas.<\/span><\/span><\/p>\n<\/li>\n<\/ul>\n<p class=\"western\" align=\"justify\">A pol\u00edtica de qualidade da RIOSA - REFINACI\u00d3N INDUSTRIAL OLE\u00cdCOLA, SA \u00e9 o meio para orientar a organiza\u00e7\u00e3o na melhoria do seu sistema de gest\u00e3o da sustentabilidade e rastreabilidade, raz\u00e3o pela qual permanece exposta em local vis\u00edvel para todos os colaboradores e \u00e9 comunicada aos mesmos cada vez que passa por uma revis\u00e3o para que seja implementada e mantida em todos os n\u00edveis da organiza\u00e7\u00e3o.<\/p>\n<p class=\"western\" align=\"justify\">Ibros, 8 de janeiro de 2020<\/p>\n<p align=\"justify\"><\/p>\n<p align=\"justify\"><\/p><\/div><\/div><\/div><\/div><div class=\"x-section e36482-e36 ms5e-0 ms5e-1 ms5e-2 ms5e-4\"><div class=\"x-container max width e36482-e37 ms5e-7 ms5e-9 ms5e-a\"><div class=\"x-column x-sm x-1-1 e36482-e38 ms5e-c\"><div class=\"x-text x-content e36482-e39 ms5e-f\"><a id=\"normativa\"><\/a>\n<center><img decoding=\"async\" src=\"\/wp-content\/uploads\/2019\/04\/legal.png\" width=\"200\" \/><\/center>\n<center><span style=\"text-decoration: underline;\"><strong>REGULAMENTOS APLIC\u00c1VEIS \u00c0 NOSSA ATIVIDADE<\/strong><\/span><\/center>\n<br>  \n  Apresentamos aqui uma lista resumida das normas e legisla\u00e7\u00f5es ambientais vigentes aplic\u00e1veis \u00e0 nossa planta industrial, as quais, naturalmente, cumprimos rigorosamente e que incentivamos todos os nossos clientes a consultar. Devido \u00e0 sua natureza produtiva \u2014 refino industrial, esta\u00e7\u00e3o de tratamento de efluentes pr\u00f3pria com autoriza\u00e7\u00e3o administrativa de descarga, caldeira a vapor de biomassa com emiss\u00f5es atmosf\u00e9ricas e gest\u00e3o cont\u00ednua de res\u00edduos perigosos e n\u00e3o perigosos gerados pelo processo \u2014 a RIOSA est\u00e1 sujeita ao regime da Autoriza\u00e7\u00e3o Ambiental Unificada da Andaluzia (AAU), que integra e supervisiona todos os aspectos ambientais de forma unificada. As seguintes normas, a n\u00edvel da UE, nacional e regional, definem o conjunto de obriga\u00e7\u00f5es que verificamos anualmente atrav\u00e9s de uma auditoria externa, como parte da nossa certifica\u00e7\u00e3o. <strong>ISO 14001<\/strong>.\n<br><br>\n<p><strong>Quadro europeu \u2014 Preven\u00e7\u00e3o e controlo integrados da polui\u00e7\u00e3o<\/strong><\/p>\n  <ul>\n  <li> <strong><a href=\"https:\/\/eur-lex.europa.eu\/legal-content\/ES\/TXT\/?uri=CELEX:32010L0075\" target=\"_blank\">Diretiva 2010\/75\/UE do Parlamento Europeu e do Conselho (Diretiva IDE):<\/a><\/strong> Diretiva sobre emiss\u00f5es industriais que estabelece o regime integrado de preven\u00e7\u00e3o e controlo da polui\u00e7\u00e3o, bem como a aplica\u00e7\u00e3o obrigat\u00f3ria das Melhores T\u00e9cnicas Dispon\u00edveis (BAT\/BREF) nas instala\u00e7\u00f5es industriais.<\/li><br>\n  <li> <strong><a href=\"https:\/\/eur-lex.europa.eu\/legal-content\/ES\/TXT\/?uri=CELEX:32018D1147\" target=\"_blank\">Decis\u00e3o de Execu\u00e7\u00e3o (UE) 2018\/1147 da Comiss\u00e3o Europeia:<\/a><\/strong>\n   Decis\u00e3o que estabelece as conclus\u00f5es sobre as melhores t\u00e9cnicas dispon\u00edveis (BAT, na sigla em ingl\u00eas) para o tratamento de res\u00edduos, em conformidade com a Diretiva 2010\/75\/UE.<\/li><br>\n  <\/ul>\n  \n  <p><strong>Quadro europeu \u2014 Res\u00edduos<\/strong><\/p>\n  <ul>\n  <li> <strong><a href=\"https:\/\/eur-lex.europa.eu\/legal-content\/ES\/TXT\/?uri=CELEX:32008L0098\" target=\"_blank\">Diretiva 2008\/98\/CE do Parlamento Europeu e do Conselho (Diretiva-Quadro Res\u00edduos):<\/a><\/strong> Diretiva que estabelece a hierarquia da gest\u00e3o de res\u00edduos (preven\u00e7\u00e3o, reutiliza\u00e7\u00e3o, reciclagem, recupera\u00e7\u00e3o e elimina\u00e7\u00e3o) e os princ\u00edpios da responsabilidade alargada do produtor.<\/li><br>\n  <li> <strong><a href=\"https:\/\/eur-lex.europa.eu\/legal-content\/ES\/TXT\/?uri=CELEX:32014R1357\" target=\"_blank\">Regulamento (UE) n.\u00ba 1357\/2014 da Comiss\u00e3o Europeia:<\/a><\/strong> Regulamento que substitui o Anexo III da Diretiva 2008\/98\/CE sobre as caracter\u00edsticas que permitem classificar os res\u00edduos como perigosos.<\/li><br>\n  <li> <strong><a href=\"https:\/\/eur-lex.europa.eu\/legal-content\/ES\/TXT\/?uri=CELEX:32019R1021\" target=\"_blank\">Regulamento (UE) 2019\/1021 do Parlamento Europeu e do Conselho:<\/a><\/strong> Regulamento sobre poluentes org\u00e2nicos persistentes (POPs), com disposi\u00e7\u00f5es espec\u00edficas para a gest\u00e3o e elimina\u00e7\u00e3o de res\u00edduos que contenham essas subst\u00e2ncias.<\/li><br>\n  <li> <strong><a href=\"https:\/\/eur-lex.europa.eu\/legal-content\/ES\/TXT\/?uri=CELEX:32006R1013\" target=\"_blank\">Regulamento (CE) n.\u00ba 1013\/2006 do Parlamento Europeu e do Conselho:<\/a><\/strong> Regulamento relativo \u00e0s transfer\u00eancias de res\u00edduos dentro e fora da Uni\u00e3o Europeia.<\/li><br>\n  <\/ul>\n  \n  <p><strong>Quadro europeu \u2014 \u00c1gua<\/strong><\/p>\n  <ul>\n  <li> <strong><a href=\"https:\/\/eur-lex.europa.eu\/legal-content\/ES\/TXT\/?uri=CELEX:32000L0060\" target=\"_blank\">Diretiva 2000\/60\/CE do Parlamento Europeu e do Conselho (Diretiva-Quadro da \u00c1gua):<\/a><\/strong> Estabelece o quadro de a\u00e7\u00e3o comunit\u00e1rio no dom\u00ednio da pol\u00edtica h\u00eddrica e os objetivos de qualidade para as massas de \u00e1gua superficiais e subterr\u00e2neas.<\/li><br>\n  <li> <strong><a href=\"https:\/\/eur-lex.europa.eu\/legal-content\/ES\/TXT\/?uri=CELEX:31991L0271\" target=\"_blank\">Diretiva 91\/271\/CEE do Conselho:<\/a><\/strong> Diretiva relativa ao tratamento de \u00e1guas residuais urbanas, aplic\u00e1vel nas suas disposi\u00e7\u00f5es \u00e0s descargas industriais semelhantes \u00e0s urbanas.<\/li><br>\n  <li> <strong><a href=\"https:\/\/eur-lex.europa.eu\/legal-content\/ES\/TXT\/?uri=CELEX:32006L0118\" target=\"_blank\">Diretiva 2006\/118\/CE do Parlamento Europeu e do Conselho:<\/a><\/strong>\n  Diretiva relativa \u00e0 prote\u00e7\u00e3o das \u00e1guas subterr\u00e2neas contra a polui\u00e7\u00e3o e a deteriora\u00e7\u00e3o.<\/li><br>\n  <\/ul>\n  \n  <p><strong>Quadro europeu \u2014 Atmosfera<\/strong><\/p>\n  <ul>\n  <li> <strong><a href=\"https:\/\/eur-lex.europa.eu\/legal-content\/ES\/TXT\/?uri=CELEX:32008L0050\" target=\"_blank\">Diretiva 2008\/50\/CE do Parlamento Europeu e do Conselho:<\/a><\/strong>\n  Diretiva relativa \u00e0 qualidade do ar ambiente e a uma atmosfera mais limpa na Europa.<\/li><br>\n  <li> <strong><a href=\"https:\/\/eur-lex.europa.eu\/legal-content\/ES\/TXT\/?uri=CELEX:32015L2193\" target=\"_blank\">Diretiva (UE) 2015\/2193 do Parlamento Europeu e do Conselho (Diretiva MCP):<\/a><\/strong> Diretiva relativa \u00e0 limita\u00e7\u00e3o das emiss\u00f5es para a atmosfera de certos poluentes provenientes de instala\u00e7\u00f5es de combust\u00e3o de m\u00e9dia dimens\u00e3o, aplic\u00e1vel \u00e0s caldeiras industriais a vapor de biomassa.<\/li><br>\n  <\/ul>\n  \n  <p><strong>Quadro Europeu \u2014 Subst\u00e2ncias qu\u00edmicas<\/strong><\/p>\n  <ul>\n  <li> <strong><a href=\"https:\/\/eur-lex.europa.eu\/legal-content\/ES\/TXT\/?uri=CELEX:02006R1907-20240101\" target=\"_blank\">Regulamento (CE) n.\u00ba 1907\/2006 do Parlamento Europeu e do Conselho (REACH):<\/a><\/strong> Regulamento relativo ao registo, avalia\u00e7\u00e3o, autoriza\u00e7\u00e3o e restri\u00e7\u00e3o de subst\u00e2ncias e misturas qu\u00edmicas.<\/li><br>\n  <li> <strong><a href=\"https:\/\/eur-lex.europa.eu\/legal-content\/ES\/TXT\/?uri=CELEX:32008R1272\" target=\"_blank\">Regulamento (CE) n.\u00ba 1272\/2008 do Parlamento Europeu e do Conselho (CLP):<\/a><\/strong> Regulamento sobre a classifica\u00e7\u00e3o, rotulagem e embalagem de subst\u00e2ncias e misturas, aplic\u00e1vel tamb\u00e9m \u00e0 identifica\u00e7\u00e3o de res\u00edduos perigosos.<\/li><br>\n  <\/ul>\n <p><strong>Quadro europeu \u2014 Altera\u00e7\u00f5es clim\u00e1ticas e energias renov\u00e1veis<\/strong><\/p>\n  <ul>\n  <li> <strong><a href=\"https:\/\/eur-lex.europa.eu\/legal-content\/ES\/TXT\/?uri=CELEX:32018L2001\" target=\"_blank\">Diretiva (UE) 2018\/2001 do Parlamento Europeu e do Conselho (RED II):<\/a><\/strong> Diretiva sobre a promo\u00e7\u00e3o da utiliza\u00e7\u00e3o de energia proveniente de fontes renov\u00e1veis, quadro regulamentar no qual se baseia a nossa certifica\u00e7\u00e3o ISCC para o fornecimento de mat\u00e9rias-primas para o fabrico de biodiesel.<\/li><br>\n  <li> <strong><a href=\"https:\/\/eur-lex.europa.eu\/legal-content\/ES\/TXT\/?uri=CELEX:32014R0517\" target=\"_blank\">Regulamento (UE) n.\u00ba 517\/2014 do Parlamento Europeu e do Conselho:<\/a><\/strong> Regulamento sobre gases fluorados com efeito de estufa, aplic\u00e1vel a equipamentos industriais de refrigera\u00e7\u00e3o e ar condicionado.<\/li><br>\n  <\/ul>\n  \n  <p><strong>Regulamenta\u00e7\u00f5es estaduais \u2014 Preven\u00e7\u00e3o integrada e avalia\u00e7\u00e3o ambiental<\/strong><\/p>\n  <ul>\n  <li> <strong><a href=\"https:\/\/www.boe.es\/buscar\/act.php?id=BOE-A-2016-12601\" target=\"_blank\">Decreto Legislativo Real 1\/2016 do Governo da Espanha:<\/a><\/strong> Decreto Legislativo Real que aprova o texto consolidado da Lei de Preven\u00e7\u00e3o e Controle Integrados da Polui\u00e7\u00e3o, transposi\u00e7\u00e3o nacional consolidada da Diretiva IED.<\/li><br>\n  <li> <strong><a href=\"https:\/\/www.boe.es\/buscar\/act.php?id=BOE-A-2013-10949\" target=\"_blank\">Decreto Real 815\/2013 do Governo da Espanha:<\/a><\/strong> Decreto Real que aprova o Regulamento de Emiss\u00f5es Industriais e desenvolve a Lei 16\/2002 sobre Preven\u00e7\u00e3o e Controle Integrados da Polui\u00e7\u00e3o.<\/li><br>\n  <li> <strong><a href=\"https:\/\/www.boe.es\/buscar\/act.php?id=BOE-A-2013-12913\" target=\"_blank\">Lei 21\/2013 do Governo da Espanha:<\/a><\/strong> Lei de Avalia\u00e7\u00e3o Ambiental, aplic\u00e1vel a modifica\u00e7\u00f5es substanciais de instala\u00e7\u00f5es industriais e procedimentos de autoriza\u00e7\u00e3o ambiental.<\/li><br>\n  <\/ul>\n  \n  <p><strong>Regulamenta\u00e7\u00f5es estaduais \u2014 Res\u00edduos<\/strong><\/p>\n  <ul>\n  <li> <strong><a href=\"https:\/\/www.boe.es\/buscar\/act.php?id=BOE-A-2022-5809\" target=\"_blank\">Lei 7\/2022 do Governo da Espanha:<\/a><\/strong> Lei sobre res\u00edduos e solos contaminados para uma economia circular, quadro atualizado para a gest\u00e3o de res\u00edduos em Espanha e transposi\u00e7\u00e3o da Diretiva 2018\/851\/UE.<\/li><br>\n  <li> <strong><a href=\"https:\/\/www.boe.es\/buscar\/act.php?id=BOE-A-2020-7438\" target=\"_blank\">Decreto Real 553\/2020 do Governo da Espanha:<\/a><\/strong> Decreto Real que regulamenta a transfer\u00eancia de res\u00edduos no territ\u00f3rio do Estado.<\/li><br>\n  <li> <strong><a href=\"https:\/\/www.boe.es\/buscar\/act.php?id=BOE-A-1988-18848\" target=\"_blank\">Decreto Real 833\/1988 do Governo da Espanha:<\/a><\/strong> Decreto Real que aprova o Regulamento de implementa\u00e7\u00e3o da Lei Fundamental sobre Res\u00edduos T\u00f3xicos e Perigosos, complementado pelo Decreto Real 952\/1997 de altera\u00e7\u00f5es.<\/li><br>\n  <li> <strong><a href=\"https:\/\/www.boe.es\/buscar\/act.php?id=BOE-A-2001-28745\" target=\"_blank\">Decreto Real 1481\/2001 do Governo da Espanha:<\/a><\/strong> Decreto Real que regulamenta a elimina\u00e7\u00e3o de res\u00edduos em aterros sanit\u00e1rios.<\/li><br>\n  <\/ul>\n  \n  <p><strong>Regulamentos estaduais \u2014 \u00c1gua<\/strong><\/p>\n  <ul>\n  <li> <strong><a href=\"https:\/\/www.boe.es\/buscar\/act.php?id=BOE-A-2001-14276\" target=\"_blank\">Decreto Legislativo Real 1\/2001 do Governo da Espanha:<\/a><\/strong> Decreto Legislativo Real que aprova o texto consolidado da Lei das \u00c1guas, quadro b\u00e1sico do dom\u00ednio p\u00fablico das \u00e1guas pluviais.<\/li><br>\n  <li> <strong><a href=\"https:\/\/www.boe.es\/buscar\/act.php?id=BOE-A-1986-10638\" target=\"_blank\">Decreto Real 849\/1986 do Governo da Espanha:<\/a><\/strong> Decreto Real que aprova o Regulamento do Dom\u00ednio P\u00fablico das \u00c1guas, o qual regulamenta o sistema de autoriza\u00e7\u00f5es de descarga e os limites de emiss\u00e3o para os cursos de \u00e1gua p\u00fablicos.<\/li><br>\n  <li> <strong><a href=\"https:\/\/www.boe.es\/buscar\/act.php?id=BOE-A-2015-9806\" target=\"_blank\">Decreto Real 817\/2015 do Governo da Espanha:<\/a><\/strong> Decreto Real que estabelece os crit\u00e9rios de monitoriza\u00e7\u00e3o e avalia\u00e7\u00e3o do estado das \u00e1guas superficiais e os padr\u00f5es de qualidade ambiental.<\/li><br>\n  <\/ul>\n  \n  <p><strong>Regulamentos estaduais \u2014 Atmosfera<\/strong><\/p>\n  <ul>\n  <li> <strong><a href=\"https:\/\/www.boe.es\/buscar\/act.php?id=BOE-A-2007-19744\" target=\"_blank\">Lei 34\/2007 do Governo da Espanha:<\/a><\/strong> Lei de qualidade do ar e prote\u00e7\u00e3o atmosf\u00e9rica, quadro nacional b\u00e1sico para o controle de emiss\u00f5es na atmosfera.<\/li><br>\n  <li> <strong><a href=\"https:\/\/www.boe.es\/buscar\/act.php?id=BOE-A-2011-1435\" target=\"_blank\">Decreto Real 100\/2011 do Governo da Espanha:<\/a><\/strong> Decreto Real que atualiza o cat\u00e1logo de atividades potencialmente poluentes da atmosfera (CAPCA) e estabelece as disposi\u00e7\u00f5es b\u00e1sicas para sua aplica\u00e7\u00e3o, aplic\u00e1veis \u00e0 nossa caldeira a vapor de biomassa.<\/li><br>\n  <li> <strong><a href=\"https:\/\/www.boe.es\/buscar\/act.php?id=BOE-A-2017-15734\" target=\"_blank\">Decreto Real 1042\/2017 do Governo da Espanha:<\/a><\/strong> Decreto Real sobre a limita\u00e7\u00e3o das emiss\u00f5es para a atmosfera de certos poluentes provenientes de instala\u00e7\u00f5es de combust\u00e3o de m\u00e9dia pot\u00eancia, transposi\u00e7\u00e3o nacional da Diretiva MCP.<\/li><br>\n  <li> <strong><a href=\"https:\/\/www.boe.es\/buscar\/act.php?id=BOE-A-2011-1645\" target=\"_blank\">Decreto Real 102\/2011 do Governo da Espanha:<\/a><\/strong> Decreto Real relativo \u00e0 melhoria da qualidade do ar.<\/li><br>\n  <\/ul>\n<p><strong>Regulamentos estaduais \u2014 Solos contaminados<\/strong><\/p>\n  <ul>\n  <li> <strong><a href=\"https:\/\/www.boe.es\/buscar\/act.php?id=BOE-A-2005-895\" target=\"_blank\">Decreto Real 9\/2005 do Governo da Espanha:<\/a><\/strong> Decreto Real que estabelece a lista de atividades potencialmente poluentes do solo e os crit\u00e9rios e normas para a declara\u00e7\u00e3o de solos contaminados.<\/li><br>\n  <\/ul>\n  \n  <p><strong>Regulamenta\u00e7\u00e3o estadual \u2014 Autoconsumo de eletricidade (instala\u00e7\u00e3o fotovoltaica)<\/strong><\/p>\n  <ul>\n  <li> <strong><a href=\"https:\/\/www.boe.es\/buscar\/act.php?id=BOE-A-2019-5089\" target=\"_blank\">Decreto Real 244\/2019 do Governo da Espanha:<\/a><\/strong> Decreto Real que regulamenta as condi\u00e7\u00f5es administrativas, t\u00e9cnicas e econ\u00f4micas do autoconsumo de energia el\u00e9trica, aplic\u00e1vel \u00e0 nossa instala\u00e7\u00e3o fotovoltaica de autoconsumo.<\/li><br>\n  <\/ul>\n  \n  <p><strong>Regulamentos regionais da Andaluzia<\/strong><\/p>\n  <ul>\n  <li> <strong><a href=\"https:\/\/www.boe.es\/buscar\/act.php?id=BOE-A-2007-15158\" target=\"_blank\">Lei 7\/2007 do Governo Regional da Andaluzia (GICA):<\/a><\/strong> A Lei de Gest\u00e3o Integrada da Qualidade Ambiental da Andaluzia \u00e9 o quadro regional que regulamenta a Autoriza\u00e7\u00e3o Ambiental \u00danica (AAU) ao abrigo da qual opera a nossa unidade industrial em Ibros.<\/li><br>\n  <li> <strong><a href=\"https:\/\/www.juntadeandalucia.es\/boja\/2010\/156\/1\" target=\"_blank\">Decreto 356\/2010 do Governo Regional da Andaluzia:<\/a><\/strong> Decreto que regulamenta a autoriza\u00e7\u00e3o ambiental unificada e estabelece o regime de organiza\u00e7\u00e3o e funcionamento do registo de autoriza\u00e7\u00f5es para a\u00e7\u00f5es sujeitas a instrumentos de preven\u00e7\u00e3o e controlo ambiental.<\/li><br>\n  <li> <strong><a href=\"https:\/\/www.juntadeandalucia.es\/boja\/2014\/91\/1\" target=\"_blank\">Decreto-Lei 5\/2014 do Governo Regional da Andaluzia:<\/a><\/strong> Decreto-lei que regulamenta medidas normativas para a atividade econ\u00f4mica e a prote\u00e7\u00e3o ambiental, com modifica\u00e7\u00f5es na GICA.<\/li><br>\n  <li> <strong><a href=\"https:\/\/www.juntadeandalucia.es\/boja\/2012\/81\/1\" target=\"_blank\">Decreto 73\/2012 do Governo Regional da Andaluzia:<\/a><\/strong> Decreto que aprova o Regulamento de Res\u00edduos da Andaluzia, que detalha a gest\u00e3o, transfer\u00eancia e registo de res\u00edduos perigosos e n\u00e3o perigosos na regi\u00e3o aut\u00f3noma.<\/li><br>\n  <li> <strong><a href=\"https:\/\/www.juntadeandalucia.es\/boja\/2015\/64\/1\" target=\"_blank\">Decreto 109\/2015 do Governo Regional da Andaluzia:<\/a><\/strong> Decreto que aprova o Regulamento de descargas no dom\u00ednio das \u00e1guas p\u00fablicas e no dom\u00ednio mar\u00edtimo-terrestre p\u00fablico da Andaluzia, aplic\u00e1vel \u00e0 autoriza\u00e7\u00e3o administrativa de descarga da nossa esta\u00e7\u00e3o de tratamento de \u00e1guas residuais.<\/li><br>\n  <li> <strong><a href=\"https:\/\/www.juntadeandalucia.es\/boja\/2010\/155\/1\" target=\"_blank\">Lei 9\/2010 do Governo Regional da Andaluzia:<\/a><\/strong> Lei das \u00c1guas para a Andaluzia, um complemento aut\u00f3nomo ao quadro estatal da Lei das \u00c1guas.<\/li><br>\n  <\/ul>\n\n\n\n<\/div><\/div><\/div><\/div><\/div>","protected":false},"excerpt":{"rendered":"<p>Nuestro compromiso con el medio ambiente \u00b7 Compromiso con el medio ambiente \u00b7 Econom\u00eda circular \u00b7 Certificaciones de sostenibilidad \u00b7 Autoconsumo de energ\u00eda fotovoltaica \u00b7 Pol\u00edtica de sostenibilidad, trazabilidad y medio ambiente \u00b7 Normativa aplicable COMPROMISO La sostenibilidad ambiental y la circularidad de nuestros procesos productivos han sido siempre nuestra prioridad, tanto mediante la inversi\u00f3n continua en mejoras de eficiencia &#8230; <\/p>\n<div><a href=\"https:\/\/www.riosa.com\/pt\/negocios\/sustentabilidade\/\" class=\"more-link\">consulte Mais informa\u00e7\u00e3o<\/a><\/div>","protected":false},"author":1,"featured_media":0,"parent":95,"menu_order":0,"comment_status":"closed","ping_status":"closed","template":"template-layout-full-width.php","meta":{"_exactmetrics_skip_tracking":false,"_exactmetrics_sitenote_active":false,"_exactmetrics_sitenote_note":"","_exactmetrics_sitenote_category":0,"footnotes":""},"yoast_head":"<!-- This site is optimized with the Yoast SEO plugin v22.6 - https:\/\/yoast.com\/wordpress\/plugins\/seo\/ -->\n<title>Nuestro Compromiso con el Medio Ambiente | RIOSA<\/title>\n<meta name=\"description\" content=\"Nuestro compromiso con el medio ambiente, la sostenibilidad y las razones por la que son importante para nosostros. Certificados de calidad de ISO 14001 e ISCC. Legislaci\u00f3n aplicable\" \/>\n<meta name=\"robots\" content=\"index, follow, max-snippet:-1, max-image-preview:large, max-video-preview:-1\" \/>\n<link rel=\"canonical\" href=\"https:\/\/www.riosa.com\/pt\/negocios\/sustentabilidade\/\" \/>\n<meta property=\"og:locale\" content=\"pt_PT\" \/>\n<meta property=\"og:type\" content=\"article\" \/>\n<meta property=\"og:title\" content=\"Nuestro Compromiso con el Medio Ambiente | RIOSA\" \/>\n<meta property=\"og:description\" content=\"Nuestro compromiso con el medio ambiente, la sostenibilidad y las razones por la que son importante para nosostros. Certificados de calidad de ISO 14001 e ISCC. Legislaci\u00f3n aplicable\" \/>\n<meta property=\"og:url\" content=\"https:\/\/www.riosa.com\/pt\/negocios\/sustentabilidade\/\" \/>\n<meta property=\"og:site_name\" content=\"RIOSA\" \/>\n<meta property=\"article:modified_time\" content=\"2026-04-25T21:08:05+00:00\" \/>\n<meta name=\"twitter:card\" content=\"summary_large_image\" \/>\n<meta name=\"twitter:label1\" content=\"Tempo estimado de leitura\" \/>\n\t<meta name=\"twitter:data1\" content=\"23 minutos\" \/>\n<script type=\"application\/ld+json\" class=\"yoast-schema-graph\">{\"@context\":\"https:\/\/schema.org\",\"@graph\":[{\"@type\":\"WebPage\",\"@id\":\"https:\/\/www.riosa.com\/empresa\/sostenibilidad\/\",\"url\":\"https:\/\/www.riosa.com\/empresa\/sostenibilidad\/\",\"name\":\"Nuestro Compromiso con el Medio Ambiente | RIOSA\",\"isPartOf\":{\"@id\":\"https:\/\/www.riosa.com\/he\/#website\"},\"datePublished\":\"2020-04-24T22:41:57+00:00\",\"dateModified\":\"2026-04-25T21:08:05+00:00\",\"description\":\"Nuestro compromiso con el medio ambiente, la sostenibilidad y las razones por la que son importante para nosostros. Certificados de calidad de ISO 14001 e ISCC. Legislaci\u00f3n aplicable\",\"breadcrumb\":{\"@id\":\"https:\/\/www.riosa.com\/empresa\/sostenibilidad\/#breadcrumb\"},\"inLanguage\":\"pt-PT\",\"potentialAction\":[{\"@type\":\"ReadAction\",\"target\":[\"https:\/\/www.riosa.com\/empresa\/sostenibilidad\/\"]}]},{\"@type\":\"BreadcrumbList\",\"@id\":\"https:\/\/www.riosa.com\/empresa\/sostenibilidad\/#breadcrumb\",\"itemListElement\":[{\"@type\":\"ListItem\",\"position\":1,\"name\":\"Inicio\",\"item\":\"https:\/\/www.riosa.com\/\"},{\"@type\":\"ListItem\",\"position\":2,\"name\":\"Sobre Nosotros\",\"item\":\"https:\/\/www.riosa.com\/empresa\/\"},{\"@type\":\"ListItem\",\"position\":3,\"name\":\"Nuestro Compromiso con el Medio Ambiente\"}]},{\"@type\":\"WebSite\",\"@id\":\"https:\/\/www.riosa.com\/he\/#website\",\"url\":\"https:\/\/www.riosa.com\/he\/\",\"name\":\"RIOSA\",\"description\":\"ACEITES GRASAS Y OLE\u00cdNAS para alimentaci\u00f3n animal\",\"publisher\":{\"@id\":\"https:\/\/www.riosa.com\/he\/#organization\"},\"potentialAction\":[{\"@type\":\"SearchAction\",\"target\":{\"@type\":\"EntryPoint\",\"urlTemplate\":\"https:\/\/www.riosa.com\/he\/?s={search_term_string}\"},\"query-input\":\"required name=search_term_string\"}],\"inLanguage\":\"pt-PT\"},{\"@type\":\"Organization\",\"@id\":\"https:\/\/www.riosa.com\/he\/#organization\",\"name\":\"RIOSA - Refinaci\u00f3n Industrial Oleicola S.A.\",\"url\":\"https:\/\/www.riosa.com\/he\/\",\"logo\":{\"@type\":\"ImageObject\",\"inLanguage\":\"pt-PT\",\"@id\":\"https:\/\/www.riosa.com\/he\/#\/schema\/logo\/image\/\",\"url\":\"https:\/\/staging.riosa.com\/wp-content\/uploads\/2019\/04\/Logo-Riosa-250.jpg\",\"contentUrl\":\"https:\/\/staging.riosa.com\/wp-content\/uploads\/2019\/04\/Logo-Riosa-250.jpg\",\"width\":250,\"height\":271,\"caption\":\"RIOSA - Refinaci\u00f3n Industrial Oleicola S.A.\"},\"image\":{\"@id\":\"https:\/\/www.riosa.com\/he\/#\/schema\/logo\/image\/\"}}]}<\/script>\n<!-- \/ Yoast SEO plugin. -->","yoast_head_json":{"title":"Nosso Compromisso com o Meio Ambiente | RIOSA","description":"Nosso compromisso com o meio ambiente, a sustentabilidade e a import\u00e2ncia que damos a eles. Certifica\u00e7\u00f5es de qualidade ISO 14001 e ISCC. Legisla\u00e7\u00e3o aplic\u00e1vel.","robots":{"index":"index","follow":"follow","max-snippet":"max-snippet:-1","max-image-preview":"max-image-preview:large","max-video-preview":"max-video-preview:-1"},"canonical":"https:\/\/www.riosa.com\/pt\/negocios\/sustentabilidade\/","og_locale":"pt_PT","og_type":"article","og_title":"Nuestro Compromiso con el Medio Ambiente | RIOSA","og_description":"Nuestro compromiso con el medio ambiente, la sostenibilidad y las razones por la que son importante para nosostros. Certificados de calidad de ISO 14001 e ISCC. Legislaci\u00f3n aplicable","og_url":"https:\/\/www.riosa.com\/pt\/negocios\/sustentabilidade\/","og_site_name":"RIOSA","article_modified_time":"2026-04-25T21:08:05+00:00","twitter_card":"summary_large_image","twitter_misc":{"Tempo estimado de leitura":"23 minutos"},"schema":{"@context":"https:\/\/schema.org","@graph":[{"@type":"WebPage","@id":"https:\/\/www.riosa.com\/empresa\/sostenibilidad\/","url":"https:\/\/www.riosa.com\/empresa\/sostenibilidad\/","name":"Nosso Compromisso com o Meio Ambiente | RIOSA","isPartOf":{"@id":"https:\/\/www.riosa.com\/he\/#website"},"datePublished":"2020-04-24T22:41:57+00:00","dateModified":"2026-04-25T21:08:05+00:00","description":"Nosso compromisso com o meio ambiente, a sustentabilidade e a import\u00e2ncia que damos a eles. Certifica\u00e7\u00f5es de qualidade ISO 14001 e ISCC. Legisla\u00e7\u00e3o aplic\u00e1vel.","breadcrumb":{"@id":"https:\/\/www.riosa.com\/empresa\/sostenibilidad\/#breadcrumb"},"inLanguage":"pt-PT","potentialAction":[{"@type":"ReadAction","target":["https:\/\/www.riosa.com\/empresa\/sostenibilidad\/"]}]},{"@type":"BreadcrumbList","@id":"https:\/\/www.riosa.com\/empresa\/sostenibilidad\/#breadcrumb","itemListElement":[{"@type":"ListItem","position":1,"name":"Inicio","item":"https:\/\/www.riosa.com\/"},{"@type":"ListItem","position":2,"name":"Sobre Nosotros","item":"https:\/\/www.riosa.com\/empresa\/"},{"@type":"ListItem","position":3,"name":"Nuestro Compromiso con el Medio Ambiente"}]},{"@type":"WebSite","@id":"https:\/\/www.riosa.com\/he\/#website","url":"https:\/\/www.riosa.com\/he\/","name":"RIOSA","description":"GORDURAS E OLE\u00cdNAS \u00d3LEOS para alimenta\u00e7\u00e3o animal","publisher":{"@id":"https:\/\/www.riosa.com\/he\/#organization"},"potentialAction":[{"@type":"SearchAction","target":{"@type":"EntryPoint","urlTemplate":"https:\/\/www.riosa.com\/he\/?s={search_term_string}"},"query-input":"required name=search_term_string"}],"inLanguage":"pt-PT"},{"@type":"Organization","@id":"https:\/\/www.riosa.com\/he\/#organization","name":"RIOSA - Refino Industrial Oleicola SA","url":"https:\/\/www.riosa.com\/he\/","logo":{"@type":"ImageObject","inLanguage":"pt-PT","@id":"https:\/\/www.riosa.com\/he\/#\/schema\/logo\/image\/","url":"https:\/\/staging.riosa.com\/wp-content\/uploads\/2019\/04\/Logo-Riosa-250.jpg","contentUrl":"https:\/\/staging.riosa.com\/wp-content\/uploads\/2019\/04\/Logo-Riosa-250.jpg","width":250,"height":271,"caption":"RIOSA - Refinaci\u00f3n Industrial Oleicola S.A."},"image":{"@id":"https:\/\/www.riosa.com\/he\/#\/schema\/logo\/image\/"}}]}},"jetpack_likes_enabled":true,"jetpack_sharing_enabled":true,"_links":{"self":[{"href":"https:\/\/www.riosa.com\/pt\/wp-json\/wp\/v2\/pages\/36482"}],"collection":[{"href":"https:\/\/www.riosa.com\/pt\/wp-json\/wp\/v2\/pages"}],"about":[{"href":"https:\/\/www.riosa.com\/pt\/wp-json\/wp\/v2\/types\/page"}],"author":[{"embeddable":true,"href":"https:\/\/www.riosa.com\/pt\/wp-json\/wp\/v2\/users\/1"}],"replies":[{"embeddable":true,"href":"https:\/\/www.riosa.com\/pt\/wp-json\/wp\/v2\/comments?post=36482"}],"version-history":[{"count":27,"href":"https:\/\/www.riosa.com\/pt\/wp-json\/wp\/v2\/pages\/36482\/revisions"}],"predecessor-version":[{"id":36545,"href":"https:\/\/www.riosa.com\/pt\/wp-json\/wp\/v2\/pages\/36482\/revisions\/36545"}],"up":[{"embeddable":true,"href":"https:\/\/www.riosa.com\/pt\/wp-json\/wp\/v2\/pages\/95"}],"wp:attachment":[{"href":"https:\/\/www.riosa.com\/pt\/wp-json\/wp\/v2\/media?parent=36482"}],"curies":[{"name":"wp","href":"https:\/\/api.w.org\/{rel}","templated":true}]}}